{"id":845,"date":"2020-06-02T13:26:09","date_gmt":"2020-06-02T11:26:09","guid":{"rendered":"http:\/\/solebadlaer.de\/?page_id=845"},"modified":"2020-08-10T11:34:06","modified_gmt":"2020-08-10T09:34:06","slug":"schwimmen-waehrend-der-corona-beschraenkungen","status":"publish","type":"page","link":"https:\/\/solebadlaer.de\/?page_id=845","title":{"rendered":"Schwimmen w\u00e4hrend der Corona Beschr\u00e4nkungen"},"content":{"rendered":"<h2 class=\"has-text-align-center wp-block-heading\"><strong>Schwimmen w\u00e4hren der Corona Beschr\u00e4nkungen<\/strong><\/h2>\n<h3 class=\"has-text-align-center wp-block-heading\">Ein positives Fazit nach den ersten 2 Monaten<\/h3>\n<div class=\"wp-block-image\">\n<figure class=\"alignleft size-large is-resized\"><a href=\"http:\/\/solebadlaer.de\/wordpress\/wp-content\/uploads\/2019\/05\/freibad6.jpg\"><img loading=\"lazy\" decoding=\"async\" src=\"http:\/\/solebadlaer.de\/wordpress\/wp-content\/uploads\/2019\/05\/freibad6-1024x440.jpg\" alt=\"\" class=\"wp-image-396\" width=\"321\" height=\"137\" srcset=\"https:\/\/solebadlaer.de\/wordpress\/wp-content\/uploads\/2019\/05\/freibad6-1024x440.jpg 1024w, https:\/\/solebadlaer.de\/wordpress\/wp-content\/uploads\/2019\/05\/freibad6-300x129.jpg 300w, https:\/\/solebadlaer.de\/wordpress\/wp-content\/uploads\/2019\/05\/freibad6-768x330.jpg 768w, https:\/\/solebadlaer.de\/wordpress\/wp-content\/uploads\/2019\/05\/freibad6.jpg 1920w\" sizes=\"auto, (max-width: 321px) 100vw, 321px\" \/><\/a><figcaption>Ein Sommertag 2019<\/figcaption><\/figure>\n<\/div>\n<p>Strahlender Sonnenschein und \u00fcber 30 Grad h\u00e4tte in den vergangenen Jahren an einem Pfingstmontag 1200 -1600 Badeg\u00e4ste ins Freibad gelockt. Eine volle Wiese, Schlangen am Sprungbrett und der Rutsche w\u00e4ren dann genau so normal, wie der Duft von frischen Pommes Frites.<br \/>Das dann \u00fcbliche Get\u00fcmmel im Wasser macht die Arbeit f\u00fcr die Badeaufsicht (&#8222;Bademeister&#8220;) zu einem Job, der h\u00f6chste Aufmerksamkeit fordert &#8211; vor allem, wenn man sich schon ein paar Stunden in der Sonne am Becken\u00a0aufgehalten hat.<\/p>\n<div class=\"wp-block-image\">\n<figure class=\"alignright size-large is-resized\"><a href=\"http:\/\/solebadlaer.de\/wordpress\/wp-content\/uploads\/2020\/06\/pfingstmontag_pan1-scaled.jpg\"><img loading=\"lazy\" decoding=\"async\" src=\"http:\/\/solebadlaer.de\/wordpress\/wp-content\/uploads\/2020\/06\/pfingstmontag_pan1-1024x445.jpg\" alt=\"\" class=\"wp-image-847\" width=\"327\" height=\"141\" srcset=\"https:\/\/solebadlaer.de\/wordpress\/wp-content\/uploads\/2020\/06\/pfingstmontag_pan1-1024x445.jpg 1024w, https:\/\/solebadlaer.de\/wordpress\/wp-content\/uploads\/2020\/06\/pfingstmontag_pan1-300x130.jpg 300w, https:\/\/solebadlaer.de\/wordpress\/wp-content\/uploads\/2020\/06\/pfingstmontag_pan1-768x334.jpg 768w, https:\/\/solebadlaer.de\/wordpress\/wp-content\/uploads\/2020\/06\/pfingstmontag_pan1-1536x667.jpg 1536w, https:\/\/solebadlaer.de\/wordpress\/wp-content\/uploads\/2020\/06\/pfingstmontag_pan1-2048x890.jpg 2048w, https:\/\/solebadlaer.de\/wordpress\/wp-content\/uploads\/2020\/06\/pfingstmontag_pan1-scaled.jpg 1920w\" sizes=\"auto, (max-width: 327px) 100vw, 327px\" \/><\/a><figcaption>Pfingstmontag 2020<\/figcaption><\/figure>\n<\/div>\n<p>Dieses Jahr ist aber alles anders. <br \/>Und nach&nbsp;2 Monaten&nbsp;des &#8222;besonderen&#8220; Freibadbetriebs f\u00e4llt ein Resumee durchaus positiv aus. Das liegt zu einem Teil an dem vorsichtigen Handeln seitens des Freibads, zu einem sehr gro\u00dfen Teil aber auch an den Badeg\u00e4sten, die sich vorbildlich und besonnen verhalten haben.<br \/>Dennoch sieht ein Besuch an einem Tag mit tollem Badewetter 2020 schon optisch deutlich anders aus als in den letzten Jahren (wie man an den beiden Bildern unschwer erkennen kann.<\/p>\n<p>So hatte das Solefreibad an den besten Tagen&nbsp;maximal 600&nbsp;Badeg\u00e4ste (alle Badezeiten zusammengerechnet).&nbsp;&nbsp;Leider war es dabei unvermeidlich, dass&nbsp;an den sonnigsten und hei\u00dfesten Tagen einige Wasserratten auch mal etwas l\u00e4nger auf den Einlass warten mussten. Unverrichteter Dinge wieder heimkehren kam gl\u00fccklicherweise nur in wenigen Ausnahmef\u00e4llen vor.<\/p>\n<div class=\"wp-block-image\">\n<figure class=\"alignright size-large is-resized\"><a href=\"http:\/\/solebadlaer.de\/wordpress\/wp-content\/uploads\/2020\/06\/pfingstmontag3-scaled.jpg\"><img loading=\"lazy\" decoding=\"async\" src=\"http:\/\/solebadlaer.de\/wordpress\/wp-content\/uploads\/2020\/06\/pfingstmontag3-1024x576.jpg\" alt=\"\" class=\"wp-image-855\" width=\"283\" height=\"159\" srcset=\"https:\/\/solebadlaer.de\/wordpress\/wp-content\/uploads\/2020\/06\/pfingstmontag3-1024x576.jpg 1024w, https:\/\/solebadlaer.de\/wordpress\/wp-content\/uploads\/2020\/06\/pfingstmontag3-300x169.jpg 300w, https:\/\/solebadlaer.de\/wordpress\/wp-content\/uploads\/2020\/06\/pfingstmontag3-768x432.jpg 768w, https:\/\/solebadlaer.de\/wordpress\/wp-content\/uploads\/2020\/06\/pfingstmontag3-1536x864.jpg 1536w, https:\/\/solebadlaer.de\/wordpress\/wp-content\/uploads\/2020\/06\/pfingstmontag3-2048x1152.jpg 2048w, https:\/\/solebadlaer.de\/wordpress\/wp-content\/uploads\/2020\/06\/pfingstmontag3-scaled.jpg 1920w\" sizes=\"auto, (max-width: 283px) 100vw, 283px\" \/><\/a><figcaption>Fr\u00fchschwimmen am Pfingstmontag (ca. 7:30 Uhr)<\/figcaption><\/figure>\n<\/div>\n<p>Am wenigsten sind wohl die Fr\u00fch- und Vormittagsschwimmer betroffen. Zwar ist das Schwimmen bis 11 Uhr (Wochenende 10 Uhr) nur mit Jahreskarte m\u00f6glich. Dies f\u00e4llt den meisten Vormitttagsschwimmern aber nicht negativ auf, da es zu diesen Zeiten auch in den verganen Jahren vorwiegend Jahreskartenbesitzer ins Wasser lockt.<br \/>Am Pfingstmontag nutzten gut 100 Badeg\u00e4ste das erste Zeitfenster zum Schwimmen bei aufgehender Sonne; an den vorhergehenden Tagen waren es morgens zwischen 50  und 100 Jahreskartenbesitzer. An die kurze Registrierung, die mit ihrer Kartennummer schnell erledigt ist, haben sich diese G\u00e4ste schnell gew\u00f6hnt.<br \/>Viele dieser Schwimmer besuchen das Freibad schon seit Jahren. Wer h\u00e4ufig zur gleichen Zeit erscheint, wird nach kurzer Zeit viele der Gesichter wiedererkennen.<br \/>Und da diese &#8222;Dauerg\u00e4ste&#8220; schon immer darauf achten, dann aus dem Becken zu gehen, wenn Duschen frei sind, regelt sich auch hier die eingeschr\u00e4nkte Nutzung von Duschen und Sammelumkleide fast von alleine. Die 3 zus\u00e4tzlichen Au\u00dfenduschen helfen nat\u00fcrlich auch.<\/p>\n<div class=\"wp-block-image\">\n<figure class=\"alignright size-large is-resized\"><a href=\"http:\/\/solebadlaer.de\/wordpress\/wp-content\/uploads\/2020\/06\/20200626_144925a.jpg\"><img loading=\"lazy\" decoding=\"async\" src=\"http:\/\/solebadlaer.de\/wordpress\/wp-content\/uploads\/2020\/06\/20200626_144925a-1024x576.jpg\" alt=\"\" class=\"wp-image-980\" width=\"213\" height=\"120\" srcset=\"https:\/\/solebadlaer.de\/wordpress\/wp-content\/uploads\/2020\/06\/20200626_144925a-1024x576.jpg 1024w, https:\/\/solebadlaer.de\/wordpress\/wp-content\/uploads\/2020\/06\/20200626_144925a-300x169.jpg 300w, https:\/\/solebadlaer.de\/wordpress\/wp-content\/uploads\/2020\/06\/20200626_144925a-768x432.jpg 768w, https:\/\/solebadlaer.de\/wordpress\/wp-content\/uploads\/2020\/06\/20200626_144925a-1536x864.jpg 1536w, https:\/\/solebadlaer.de\/wordpress\/wp-content\/uploads\/2020\/06\/20200626_144925a.jpg 1920w\" sizes=\"auto, (max-width: 213px) 100vw, 213px\" \/><\/a><\/figure>\n<\/div>\n<p>Andere Badeg\u00e4ste sind schon etwas mehr eingeschr\u00e4nkt. Einfach spontan ins Freibad zu gehen, ist nun nicht mehr sinnvoll.&nbsp;Man muss sich an die neuen Zeitfenster halten und geht (bei bestem Wetter) das Risiko ein, an der Kasse nicht eingelassen zu werden.<br \/>Vor allem Kinder, Jugendliche und Familien sind&nbsp;sind gegen\u00fcber reinen Schwimmern noch zus\u00e4tzlich eingeschr\u00e4nkt, da sie nun nicht mehr einen ganzen oder zumindest halben Tag im Freibad verbringen k\u00f6nnen.<\/p>\n<p>Auch ist es nat\u00fcrlich l\u00e4stig, sich bei jedem Besuch des Freibads erneut mit kompletten Daten registrieren zu m\u00fcssen. Daran f\u00fchrt allerdings kein Weg vorbei&#8230; <br \/>Beschleunigen l\u00e4sst sich das allerdings, indem man<a href=\"http:\/\/solebadlaer.de\/wordpress\/wp-content\/uploads\/2020\/05\/Einzelregistrierung.pdf\" target=\"_blank\" rel=\"noreferrer noopener\"> dieses Formular <\/a>ausdruckt und ausgef\u00fcllt mitbringt.<\/p>\n<div class=\"wp-block-image\">\n<figure class=\"alignright size-large is-resized\"><a href=\"http:\/\/solebadlaer.de\/wordpress\/wp-content\/uploads\/2020\/06\/pfingstmontag_aufsicht2-scaled.jpg\"><img loading=\"lazy\" decoding=\"async\" src=\"http:\/\/solebadlaer.de\/wordpress\/wp-content\/uploads\/2020\/06\/pfingstmontag_aufsicht2-1024x768.jpg\" alt=\"\" class=\"wp-image-849\" width=\"339\" height=\"253\" srcset=\"https:\/\/solebadlaer.de\/wordpress\/wp-content\/uploads\/2020\/06\/pfingstmontag_aufsicht2-1024x768.jpg 1024w, https:\/\/solebadlaer.de\/wordpress\/wp-content\/uploads\/2020\/06\/pfingstmontag_aufsicht2-300x225.jpg 300w, https:\/\/solebadlaer.de\/wordpress\/wp-content\/uploads\/2020\/06\/pfingstmontag_aufsicht2-768x576.jpg 768w, https:\/\/solebadlaer.de\/wordpress\/wp-content\/uploads\/2020\/06\/pfingstmontag_aufsicht2-1536x1152.jpg 1536w, https:\/\/solebadlaer.de\/wordpress\/wp-content\/uploads\/2020\/06\/pfingstmontag_aufsicht2-2048x1536.jpg 2048w, https:\/\/solebadlaer.de\/wordpress\/wp-content\/uploads\/2020\/06\/pfingstmontag_aufsicht2-scaled.jpg 1920w\" sizes=\"auto, (max-width: 339px) 100vw, 339px\" \/><\/a><\/figure>\n<\/div>\n<p>Der Betreiber ist beim Einlass ins Schwimmbad in einer Zwickm\u00fchle.<br \/>Grunds\u00e4tzlich d\u00fcrfte er (aufgrund der gro\u00dfen Freifl\u00e4che in Bad Laer) 500 Badeg\u00e4ste ins Schwimmbad einlassen. Im Wasser d\u00fcrften sich gleichzeitig aber maximal 80-90 Personen aufhalten. Wie soll man aber als Badeaufsicht daf\u00fcr sorgen, dass sich von der Wiese immer nur eine passende Anzahl an G\u00e4sten in das Schwimmbecken begeben. <br \/>Da das praktisch unm\u00f6glich ist, lassen aktuell viele Schwimmb\u00e4der nur ungef\u00e4hr so viele Menschen in das Bad ein, wie sich gleichzeitig im Wasser aufhalten d\u00fcrfen. <\/p>\n<p>Im Solefreibad Bad Laer wurden in den ersten Tagen maximal 100 Schwimmer eingelassen und dann beobachtet, wie sich die F\u00fclle im Becken so entwickelt. Mittlerweile hat sich herausgestellt, dass ca. 130 Personen eingelassen werden k\u00f6nnen. Nach sp\u00e4testens 45 Minuten sind dann mehr Badeg\u00e4ste auf Wiese oder B\u00e4nken, so dass weitere Besucher eingelassen werden k\u00f6nnen. So ist es m\u00f6glich, innerhalb einer Badezeit (2,5 Stunden) auch mehr als 150 Menschen den Zutritt zu gestatten.<\/p>\n<div class=\"wp-block-image\">\n<figure class=\"alignright size-large is-resized\"><a href=\"http:\/\/solebadlaer.de\/wordpress\/wp-content\/uploads\/2020\/06\/pfingstmontag1-scaled.jpg\"><img loading=\"lazy\" decoding=\"async\" src=\"http:\/\/solebadlaer.de\/wordpress\/wp-content\/uploads\/2020\/06\/pfingstmontag1-1024x576.jpg\" alt=\"\" class=\"wp-image-853\" width=\"327\" height=\"183\" srcset=\"https:\/\/solebadlaer.de\/wordpress\/wp-content\/uploads\/2020\/06\/pfingstmontag1-1024x576.jpg 1024w, https:\/\/solebadlaer.de\/wordpress\/wp-content\/uploads\/2020\/06\/pfingstmontag1-300x169.jpg 300w, https:\/\/solebadlaer.de\/wordpress\/wp-content\/uploads\/2020\/06\/pfingstmontag1-768x432.jpg 768w, https:\/\/solebadlaer.de\/wordpress\/wp-content\/uploads\/2020\/06\/pfingstmontag1-1536x864.jpg 1536w, https:\/\/solebadlaer.de\/wordpress\/wp-content\/uploads\/2020\/06\/pfingstmontag1-2048x1152.jpg 2048w, https:\/\/solebadlaer.de\/wordpress\/wp-content\/uploads\/2020\/06\/pfingstmontag1-scaled.jpg 1920w\" sizes=\"auto, (max-width: 327px) 100vw, 327px\" \/><\/a><figcaption>Pfingstmontag<\/figcaption><\/figure>\n<\/div>\n<p>Au\u00dfer an Pfingstsonntag und Montag war das Wetter 2020 deutlich schlechter (aus Badesicht) als Vorjahr. So wurden 2019 die meisten Saisonkarten \u00fcberhaupt verkauft und im Juni und Juli gab es zahlreiche Tag mit bestem Wetter und 1000-1500 Besuchern.<br \/>Da verwundert es nicht, dass der Jahreskartenverkauf 2020 deutlich hinter 2019 zur\u00fcckblieb. F\u00fcr eine verk\u00fcrzte Corona Saison mit m\u00e4\u00dfigen Wetter im Juni und Juli konnte sich der Verkauf aber dennoch sehen lassen. <br \/>Auch die Besucherzahlen f\u00fcr Juni und Juli wirken mit einem absoluten Besucherr\u00fcckgang von 50-60 50-60% zum Vorjahr immens. Ber\u00fccksichtigt man aber das deutlich schlechtere Wetter in diesen ersten Monaten, war der Besucherr\u00fcckgang in Bad Laer weit aus geringer als in den meisten anderen Freib\u00e4dern in der Umgebung.<\/p>\n<\/p>\n<div class=\"wp-block-image\">\n<figure class=\"alignright size-large is-resized\"><a href=\"http:\/\/solebadlaer.de\/wordpress\/wp-content\/uploads\/2020\/05\/wasfehlt-scaled.jpg\"><img loading=\"lazy\" decoding=\"async\" src=\"http:\/\/solebadlaer.de\/wordpress\/wp-content\/uploads\/2020\/05\/wasfehlt-1024x768.jpg\" alt=\"\" class=\"wp-image-692\" width=\"236\" height=\"177\" srcset=\"https:\/\/solebadlaer.de\/wordpress\/wp-content\/uploads\/2020\/05\/wasfehlt-1024x768.jpg 1024w, https:\/\/solebadlaer.de\/wordpress\/wp-content\/uploads\/2020\/05\/wasfehlt-300x225.jpg 300w, https:\/\/solebadlaer.de\/wordpress\/wp-content\/uploads\/2020\/05\/wasfehlt-768x576.jpg 768w, https:\/\/solebadlaer.de\/wordpress\/wp-content\/uploads\/2020\/05\/wasfehlt-1536x1152.jpg 1536w, https:\/\/solebadlaer.de\/wordpress\/wp-content\/uploads\/2020\/05\/wasfehlt-2048x1536.jpg 2048w, https:\/\/solebadlaer.de\/wordpress\/wp-content\/uploads\/2020\/05\/wasfehlt-scaled.jpg 1920w\" sizes=\"auto, (max-width: 236px) 100vw, 236px\" \/><\/a><figcaption>Etwas fehlt noch<\/figcaption><\/figure>\n<\/div>\n<p>Dennoch ist ein Besuch im Freibad in 2020 nicht mit den Vorjahren zu vergleichen. Irgendetwas fehlt. Und damit sind nicht die beiden altersschwachen &#8222;Garderoben&#8220; f\u00fcr Taschen und Badesachen an den beiden Beckeneing\u00e4ngen gemeint. Diese h\u00e4tten durch neue ersetzt werden sollen, die aber immer noch neu gebaut wurden.<br \/>Nein &#8211; es sind die Pommes oder zumindest der Duft danach der fehlt. Wenn man nicht den halben oder ganzen Tag im Freibad bleiben kann, geht nat\u00fcrlich die Nachfrage nach warmen Speisen zur\u00fcck. Irgendwann lohnt es einfach nicht mehr das Frittierfett aufzuheizen und eine Arbeitskraft daf\u00fcr bereitzustellen. An zwei Tagen wurde es ausprobiert, dann aber f\u00fcr dieses Jahr dauerhaft eingestellt. Aber vielleicht gibt es ja auch Pommesduft aus der Dose zum verspr\u00fchen. Ich schaue gleich mal nach &#8230;<\/p>\n<div class=\"wp-block-image\">\n<figure class=\"alignright size-large is-resized\"><a href=\"http:\/\/solebadlaer.de\/wordpress\/wp-content\/uploads\/2020\/06\/20200626_142420.jpg\"><img loading=\"lazy\" decoding=\"async\" src=\"http:\/\/solebadlaer.de\/wordpress\/wp-content\/uploads\/2020\/06\/20200626_142420-1024x576.jpg\" alt=\"\" class=\"wp-image-985\" width=\"299\" height=\"168\" srcset=\"https:\/\/solebadlaer.de\/wordpress\/wp-content\/uploads\/2020\/06\/20200626_142420-1024x576.jpg 1024w, https:\/\/solebadlaer.de\/wordpress\/wp-content\/uploads\/2020\/06\/20200626_142420-300x169.jpg 300w, https:\/\/solebadlaer.de\/wordpress\/wp-content\/uploads\/2020\/06\/20200626_142420-768x432.jpg 768w, https:\/\/solebadlaer.de\/wordpress\/wp-content\/uploads\/2020\/06\/20200626_142420-1536x864.jpg 1536w, https:\/\/solebadlaer.de\/wordpress\/wp-content\/uploads\/2020\/06\/20200626_142420.jpg 1920w\" sizes=\"auto, (max-width: 299px) 100vw, 299px\" \/><\/a><\/figure>\n<\/div>\n<p>Leichte Bef\u00fcrchtungen machte man sich schon vor der Saison. Was w\u00fcrde passieren, wenn man 50, 100 oder mehr badewilligen G\u00e4sten den Einlass verwehren m\u00fcsste. Vor allem im vergangenen Jahr hat man in den Medien mehrfach von Problemen und Ausschreitungen in und vor Freib\u00e4dern geh\u00f6rt. Dies hatte in vielen F\u00e4llen dazu f\u00fchrten, dass Sicherheitsdienste beauftragt wurden. Ist dies nun etwa auch in Bad Laer n\u00f6tig?<br \/>Da man sich als Betreiber nat\u00fcrlich mit allen M\u00f6glichkeiten auseinandersetzen muss, gab es auch den Gedanken eines Sicherheitsdienstes auch in Bad Laer. Letztlich hat man sich aber dagegen entschieden.<br \/>Immerhin geh\u00f6rt neben der Sole, der erh\u00f6hten Wassertemperatur auch der gute, freundliche und entspannte \u00a0Umgang miteinander zum Markenkern des Solefreibads in Bad Laer.<br \/>Und tats\u00e4chlich blieb alles entspannt \u2013 obwohl nicht jeder (sofort) eingelassen werden konnte.<\/p>\n<\/p>\n<p><\/p>\n","protected":false},"excerpt":{"rendered":"<p>Schwimmen w\u00e4hren der Corona Beschr\u00e4nkungen Ein positives Fazit nach den ersten 2 Monaten Strahlender Sonnenschein und \u00fcber 30 Grad h\u00e4tte in den vergangenen Jahren an einem Pfingstmontag 1200 -1600 Badeg\u00e4ste ins Freibad gelockt. Eine volle Wiese, Schlangen am Sprungbrett und &hellip; <a href=\"https:\/\/solebadlaer.de\/?page_id=845\">Weiterlesen <span class=\"meta-nav\">&rarr;<\/span><\/a><\/p>\n","protected":false},"author":2,"featured_media":0,"parent":0,"menu_order":0,"comment_status":"closed","ping_status":"closed","template":"","meta":{"ngg_post_thumbnail":0,"jetpack_post_was_ever_published":false,"footnotes":""},"class_list":["post-845","page","type-page","status-publish","hentry"],"jetpack_shortlink":"https:\/\/wp.me\/P4GklD-dD","jetpack_sharing_enabled":true,"_links":{"self":[{"href":"https:\/\/solebadlaer.de\/index.php?rest_route=\/wp\/v2\/pages\/845","targetHints":{"allow":["GET"]}}],"collection":[{"href":"https:\/\/solebadlaer.de\/index.php?rest_route=\/wp\/v2\/pages"}],"about":[{"href":"https:\/\/solebadlaer.de\/index.php?rest_route=\/wp\/v2\/types\/page"}],"author":[{"embeddable":true,"href":"https:\/\/solebadlaer.de\/index.php?rest_route=\/wp\/v2\/users\/2"}],"replies":[{"embeddable":true,"href":"https:\/\/solebadlaer.de\/index.php?rest_route=%2Fwp%2Fv2%2Fcomments&post=845"}],"version-history":[{"count":29,"href":"https:\/\/solebadlaer.de\/index.php?rest_route=\/wp\/v2\/pages\/845\/revisions"}],"predecessor-version":[{"id":1014,"href":"https:\/\/solebadlaer.de\/index.php?rest_route=\/wp\/v2\/pages\/845\/revisions\/1014"}],"wp:attachment":[{"href":"https:\/\/solebadlaer.de\/index.php?rest_route=%2Fwp%2Fv2%2Fmedia&parent=845"}],"curies":[{"name":"wp","href":"https:\/\/api.w.org\/{rel}","templated":true}]}}